{"id":58,"date":"2018-01-14T16:20:42","date_gmt":"2018-01-14T16:20:42","guid":{"rendered":"https:\/\/www.cristianos-viladecans.org\/wp2018\/?page_id=58"},"modified":"2020-02-13T09:23:49","modified_gmt":"2020-02-13T09:23:49","slug":"projecte-bernabe","status":"publish","type":"page","link":"https:\/\/www.cristianos-viladecans.org\/wp2018\/projecte-bernabe\/","title":{"rendered":"Projecte Bernab\u00e9"},"content":{"rendered":"<p style=\"text-align: justify;\">La Biblia nos exhorta a compartir el mensaje de esperanza que el Se\u00f1or Jes\u00fas nos transmiti\u00f3 y que transform\u00f3 nuestras vidas. As\u00ed mismo, Jes\u00fas nos ense\u00f1\u00f3 a mostrar su amor compartiendo nuestras posesiones con aquellas personas que pasan por necesidad.<\/p>\n<blockquote>\n<p style=\"text-align: justify;\">\u00abId, pues, y haced disc\u00edpulos de todas las naciones, bautiz\u00e1ndolos en el nombre del Padre y del Hijo y del Esp\u00edritu Santo, ense\u00f1\u00e1ndoles a guardar todo lo que os he mandado; y he aqu\u00ed, yo estoy con vosotros todos los d\u00edas, hasta el fin del mundo.\u00bb\u00a0(Mateo 28:19-20)<\/p>\n<p style=\"text-align: justify;\">\u00abSi un hermano o una hermana no tienen ropa y carecen del sustento diario, y uno de vosotros les dice: Id en paz, calentaos y saciaos, pero no les dais lo necesario para su cuerpo, \u00bfde qu\u00e9 sirve? As\u00ed tambi\u00e9n la fe por s\u00ed misma, si no tiene obras, est\u00e1 muerta.\u00bb\u00a0(Santiago 2:15-17)<\/p>\n<\/blockquote>\n<p style=\"text-align: justify;\">Por ello, el Projecte Bernab\u00e9 tiene el prop\u00f3sito de promover la obra social y transmitir el mensaje de Jes\u00fas a nuestros conciudadanos.\u00a0Estos son los proyectos y actividades en los que estamos involucrados:<\/p>\n<h3>Obra social<\/h3>\n<table border=\"0\">\n<tbody>\n<tr>\n<td>\n<p>&nbsp;<\/p>\n<p><div id=\"attachment_52\" style=\"width: 760px\" class=\"wp-caption aligncenter\"><img aria-describedby=\"caption-attachment-52\" decoding=\"async\" loading=\"lazy\" src=\"https:\/\/www.cristianos-viladecans.org\/wp2018\/wp-content\/uploads\/2018\/01\/2015-2016_Reparto_Rumania_005-930x1024.jpg\" alt=\"\" width=\"750\" height=\"826\" class=\"wp-image-52 size-large\" srcset=\"https:\/\/www.cristianos-viladecans.org\/wp2018\/wp-content\/uploads\/2018\/01\/2015-2016_Reparto_Rumania_005-930x1024.jpg 930w, https:\/\/www.cristianos-viladecans.org\/wp2018\/wp-content\/uploads\/2018\/01\/2015-2016_Reparto_Rumania_005-600x661.jpg 600w, https:\/\/www.cristianos-viladecans.org\/wp2018\/wp-content\/uploads\/2018\/01\/2015-2016_Reparto_Rumania_005-273x300.jpg 273w, https:\/\/www.cristianos-viladecans.org\/wp2018\/wp-content\/uploads\/2018\/01\/2015-2016_Reparto_Rumania_005-768x846.jpg 768w, https:\/\/www.cristianos-viladecans.org\/wp2018\/wp-content\/uploads\/2018\/01\/2015-2016_Reparto_Rumania_005.jpg 981w\" sizes=\"(max-width: 750px) 100vw, 750px\" \/><p id=\"caption-attachment-52\" class=\"wp-caption-text\">Colaboraci\u00f3n con la <a href=\"http:\/\/www.operacionninonavidad.org\" target=\"_blank\" rel=\"noopener noreferrer\">Operaci\u00f3n Ni\u00f1o de la Navidad<\/a><\/p><\/div><\/td>\n<\/tr>\n<tr>\n<td>\n<p><div id=\"attachment_61\" style=\"width: 760px\" class=\"wp-caption aligncenter\"><img aria-describedby=\"caption-attachment-61\" decoding=\"async\" loading=\"lazy\" src=\"https:\/\/www.cristianos-viladecans.org\/wp2018\/wp-content\/uploads\/2018\/01\/GranRecapte-1024x768.jpg\" alt=\"\" width=\"750\" height=\"563\" class=\"wp-image-61 size-large\" srcset=\"https:\/\/www.cristianos-viladecans.org\/wp2018\/wp-content\/uploads\/2018\/01\/GranRecapte-1024x768.jpg 1024w, https:\/\/www.cristianos-viladecans.org\/wp2018\/wp-content\/uploads\/2018\/01\/GranRecapte-600x450.jpg 600w, https:\/\/www.cristianos-viladecans.org\/wp2018\/wp-content\/uploads\/2018\/01\/GranRecapte-300x225.jpg 300w, https:\/\/www.cristianos-viladecans.org\/wp2018\/wp-content\/uploads\/2018\/01\/GranRecapte-768x576.jpg 768w\" sizes=\"(max-width: 750px) 100vw, 750px\" \/><p id=\"caption-attachment-61\" class=\"wp-caption-text\">Colaboraci\u00f3n con la <a href=\"https:\/\/www.granrecapte.com\/ca\/\" target=\"_blank\" rel=\"noopener noreferrer\">Gran Recapte dels Aliments<\/a><\/p><\/div><\/td>\n<\/tr>\n<tr>\n<td>\n<p><div id=\"attachment_63\" style=\"width: 709px\" class=\"wp-caption aligncenter\"><img aria-describedby=\"caption-attachment-63\" decoding=\"async\" loading=\"lazy\" src=\"https:\/\/www.cristianos-viladecans.org\/wp2018\/wp-content\/uploads\/2018\/01\/Resi_Emmanuel.jpg\" alt=\"\" width=\"699\" height=\"524\" class=\"wp-image-63 size-full\" srcset=\"https:\/\/www.cristianos-viladecans.org\/wp2018\/wp-content\/uploads\/2018\/01\/Resi_Emmanuel.jpg 699w, https:\/\/www.cristianos-viladecans.org\/wp2018\/wp-content\/uploads\/2018\/01\/Resi_Emmanuel-600x450.jpg 600w, https:\/\/www.cristianos-viladecans.org\/wp2018\/wp-content\/uploads\/2018\/01\/Resi_Emmanuel-300x225.jpg 300w\" sizes=\"(max-width: 699px) 100vw, 699px\" \/><p id=\"caption-attachment-63\" class=\"wp-caption-text\">Apoyo econ\u00f3mico a la <a href=\"http:\/\/www.resi-rie.org\/\" target=\"_blank\" rel=\"noopener noreferrer\">Residencia Infantil Emmanuel<\/a><\/p><\/div><\/td>\n<\/tr>\n<tr>\n<td>\n<p><div id=\"attachment_126\" style=\"width: 760px\" class=\"wp-caption aligncenter\"><img aria-describedby=\"caption-attachment-126\" decoding=\"async\" loading=\"lazy\" src=\"https:\/\/www.cristianos-viladecans.org\/wp2018\/wp-content\/uploads\/2018\/02\/PuertasAbiertas_fotopromo.jpg\" alt=\"\" width=\"750\" height=\"685\" class=\"wp-image-126\" srcset=\"https:\/\/www.cristianos-viladecans.org\/wp2018\/wp-content\/uploads\/2018\/02\/PuertasAbiertas_fotopromo.jpg 800w, https:\/\/www.cristianos-viladecans.org\/wp2018\/wp-content\/uploads\/2018\/02\/PuertasAbiertas_fotopromo-600x548.jpg 600w, https:\/\/www.cristianos-viladecans.org\/wp2018\/wp-content\/uploads\/2018\/02\/PuertasAbiertas_fotopromo-300x274.jpg 300w, https:\/\/www.cristianos-viladecans.org\/wp2018\/wp-content\/uploads\/2018\/02\/PuertasAbiertas_fotopromo-768x702.jpg 768w\" sizes=\"(max-width: 750px) 100vw, 750px\" \/><p id=\"caption-attachment-126\" class=\"wp-caption-text\">Apoyo a cristianos que sufren persecuci\u00f3n por medio de <a href=\"https:\/\/www.puertasabiertas.org\/\" target=\"_blank\" rel=\"noopener noreferrer\">Puertas Abiertas<\/a><\/p><\/div><\/td>\n<\/tr>\n<\/tbody>\n<\/table>\n<h3>Testimonio<\/h3>\n<table style=\"border-color: #ffffff;\" border=\"0\">\n<tbody>\n<tr>\n<td>\n<p><div id=\"attachment_60\" style=\"width: 760px\" class=\"wp-caption aligncenter\"><img aria-describedby=\"caption-attachment-60\" decoding=\"async\" loading=\"lazy\" src=\"https:\/\/www.cristianos-viladecans.org\/wp2018\/wp-content\/uploads\/2018\/01\/Fira-1024x768.jpg\" alt=\"\" width=\"750\" height=\"563\" class=\"wp-image-60 size-large\" srcset=\"https:\/\/www.cristianos-viladecans.org\/wp2018\/wp-content\/uploads\/2018\/01\/Fira-1024x768.jpg 1024w, https:\/\/www.cristianos-viladecans.org\/wp2018\/wp-content\/uploads\/2018\/01\/Fira-600x450.jpg 600w, https:\/\/www.cristianos-viladecans.org\/wp2018\/wp-content\/uploads\/2018\/01\/Fira-300x225.jpg 300w, https:\/\/www.cristianos-viladecans.org\/wp2018\/wp-content\/uploads\/2018\/01\/Fira-768x576.jpg 768w\" sizes=\"(max-width: 750px) 100vw, 750px\" \/><p id=\"caption-attachment-60\" class=\"wp-caption-text\">Participaci\u00f3n en la<a href=\"https:\/\/www.viladecans.cat\/ca\/mostraentitats\" target=\"_blank\" rel=\"noopener noreferrer\"> Mostra d&#8217;entitats<\/a> de la ciudad<\/p><\/div><\/td>\n<\/tr>\n<tr>\n<td>\n<p><div id=\"attachment_59\" style=\"width: 760px\" class=\"wp-caption aligncenter\"><img aria-describedby=\"caption-attachment-59\" decoding=\"async\" loading=\"lazy\" src=\"https:\/\/www.cristianos-viladecans.org\/wp2018\/wp-content\/uploads\/2018\/01\/Cule_pla\u00e7a-768x1024.jpg\" alt=\"\" width=\"750\" height=\"1000\" class=\"wp-image-59 size-large\" srcset=\"https:\/\/www.cristianos-viladecans.org\/wp2018\/wp-content\/uploads\/2018\/01\/Cule_pla\u00e7a-768x1024.jpg 768w, https:\/\/www.cristianos-viladecans.org\/wp2018\/wp-content\/uploads\/2018\/01\/Cule_pla\u00e7a-600x800.jpg 600w, https:\/\/www.cristianos-viladecans.org\/wp2018\/wp-content\/uploads\/2018\/01\/Cule_pla\u00e7a-225x300.jpg 225w, https:\/\/www.cristianos-viladecans.org\/wp2018\/wp-content\/uploads\/2018\/01\/Cule_pla\u00e7a-scaled.jpg 1920w\" sizes=\"(max-width: 750px) 100vw, 750px\" \/><p id=\"caption-attachment-59\" class=\"wp-caption-text\">Culto en la plaza<\/p><\/div><\/td>\n<\/tr>\n<tr>\n<td>\n<p><div id=\"attachment_62\" style=\"width: 760px\" class=\"wp-caption alignnone\"><img aria-describedby=\"caption-attachment-62\" decoding=\"async\" loading=\"lazy\" src=\"https:\/\/www.cristianos-viladecans.org\/wp2018\/wp-content\/uploads\/2018\/01\/Sant_Jordi-1024x768.jpg\" alt=\"\" width=\"750\" height=\"563\" class=\"wp-image-62 size-large\" srcset=\"https:\/\/www.cristianos-viladecans.org\/wp2018\/wp-content\/uploads\/2018\/01\/Sant_Jordi-1024x768.jpg 1024w, https:\/\/www.cristianos-viladecans.org\/wp2018\/wp-content\/uploads\/2018\/01\/Sant_Jordi-600x450.jpg 600w, https:\/\/www.cristianos-viladecans.org\/wp2018\/wp-content\/uploads\/2018\/01\/Sant_Jordi-300x225.jpg 300w, https:\/\/www.cristianos-viladecans.org\/wp2018\/wp-content\/uploads\/2018\/01\/Sant_Jordi-768x576.jpg 768w\" sizes=\"(max-width: 750px) 100vw, 750px\" \/><p id=\"caption-attachment-62\" class=\"wp-caption-text\">Mesa de libros en Sant Jordi<\/p><\/div><\/td>\n<\/tr>\n<\/tbody>\n<\/table>\n<p>&nbsp;<\/p>\n","protected":false},"excerpt":{"rendered":"<p>La Biblia nos exhorta a compartir el mensaje de esperanza que el Se\u00f1or Jes\u00fas nos transmiti\u00f3 y que transform\u00f3 nuestras vidas. As\u00ed mismo, Jes\u00fas nos ense\u00f1\u00f3 a mostrar su amor compartiendo nuestras posesiones con aquellas personas que pasan por necesidad. \u00abId, pues, y haced disc\u00edpulos de todas las naciones, bautiz\u00e1ndolos [&hellip;]<\/p>\n","protected":false},"author":1,"featured_media":0,"parent":0,"menu_order":0,"comment_status":"closed","ping_status":"closed","template":"","meta":[],"aioseo_notices":[],"_links":{"self":[{"href":"https:\/\/www.cristianos-viladecans.org\/wp2018\/wp-json\/wp\/v2\/pages\/58"}],"collection":[{"href":"https:\/\/www.cristianos-viladecans.org\/wp2018\/wp-json\/wp\/v2\/pages"}],"about":[{"href":"https:\/\/www.cristianos-viladecans.org\/wp2018\/wp-json\/wp\/v2\/types\/page"}],"author":[{"embeddable":true,"href":"https:\/\/www.cristianos-viladecans.org\/wp2018\/wp-json\/wp\/v2\/users\/1"}],"replies":[{"embeddable":true,"href":"https:\/\/www.cristianos-viladecans.org\/wp2018\/wp-json\/wp\/v2\/comments?post=58"}],"version-history":[{"count":7,"href":"https:\/\/www.cristianos-viladecans.org\/wp2018\/wp-json\/wp\/v2\/pages\/58\/revisions"}],"predecessor-version":[{"id":728,"href":"https:\/\/www.cristianos-viladecans.org\/wp2018\/wp-json\/wp\/v2\/pages\/58\/revisions\/728"}],"wp:attachment":[{"href":"https:\/\/www.cristianos-viladecans.org\/wp2018\/wp-json\/wp\/v2\/media?parent=58"}],"curies":[{"name":"wp","href":"https:\/\/api.w.org\/{rel}","templated":true}]}}